{"id":33,"date":"2026-02-20T20:12:57","date_gmt":"2026-02-20T19:12:57","guid":{"rendered":"https:\/\/molinapenalosa.cvcomunicacion.es\/?page_id=33"},"modified":"2026-03-11T20:17:13","modified_gmt":"2026-03-11T19:17:13","slug":"borrador-automatico","status":"publish","type":"page","link":"https:\/\/molinapenalosa.cvcomunicacion.es\/","title":{"rendered":"FERNANDO MOLINA PE\u00d1ALOSA | PROFESIONAL DE LA COMUNICACI\u00d3N"},"content":{"rendered":"<p>[et_pb_section fb_built=\u00bb1&#8243; admin_label=\u00bbHeader\u00bb _builder_version=\u00bb4.27.6&#8243; _module_preset=\u00bbdefault\u00bb background_color=\u00bbgcid-a674551e-c023-4666-82b8-b7448e713885&#8243; min_height=\u00bb413.7px\u00bb overflow-x=\u00bbvisible\u00bb overflow-y=\u00bbvisible\u00bb hover_enabled=\u00bb0&#8243; collapsed=\u00bbon\u00bb global_colors_info=\u00bb{%22gcid-a674551e-c023-4666-82b8-b7448e713885%22:%91%22background_color%22%93}\u00bb sticky_enabled=\u00bb0&#8243;][et_pb_row column_structure=\u00bb1_3,1_3,1_3&#8243; use_custom_gutter=\u00bbon\u00bb gutter_width=\u00bb2&#8243; _builder_version=\u00bb4.27.6&#8243; _module_preset=\u00bbdefault\u00bb max_width=\u00bbnone\u00bb min_height=\u00bb167.4px\u00bb custom_margin=\u00bb||||false|false\u00bb custom_padding=\u00bb26px|||||\u00bb collapsed=\u00bboff\u00bb global_colors_info=\u00bb{}\u00bb][et_pb_column type=\u00bb1_3&#8243; _builder_version=\u00bb4.25.0&#8243; _module_preset=\u00bbdefault\u00bb global_colors_info=\u00bb{}\u00bb][et_pb_text quote_border_color=\u00bb#16264a\u00bb _builder_version=\u00bb4.27.6&#8243; _module_preset=\u00bbdefault\u00bb link_font=\u00bb||||on||||\u00bb link_text_color=\u00bb#16264a\u00bb quote_font=\u00bbPoppins|600|||||||\u00bb quote_text_color=\u00bb#000000&#8243; quote_font_size=\u00bb24px\u00bb quote_letter_spacing=\u00bb-0.04em\u00bb quote_line_height=\u00bb1.6em\u00bb header_font=\u00bbPoppins|500|||||||\u00bb header_font_size=\u00bb72px\u00bb header_letter_spacing=\u00bb-0.05em\u00bb header_line_height=\u00bb1.2em\u00bb header_2_font=\u00bbPoppins|500|||||||\u00bb header_2_font_size=\u00bb52px\u00bb header_2_letter_spacing=\u00bb-0.05em\u00bb header_2_line_height=\u00bb1.2em\u00bb header_3_font=\u00bbPoppins|500|||||||\u00bb header_3_font_size=\u00bb36px\u00bb header_3_letter_spacing=\u00bb-0.05em\u00bb header_3_line_height=\u00bb1.2em\u00bb header_4_font=\u00bbPoppins|600|||||||\u00bb header_4_font_size=\u00bb24px\u00bb header_4_letter_spacing=\u00bb-0.04em\u00bb header_4_line_height=\u00bb1.6em\u00bb header_5_font=\u00bbPoppins|600|||||||\u00bb header_5_font_size=\u00bb20px\u00bb header_5_letter_spacing=\u00bb-0.04em\u00bb header_5_line_height=\u00bb1.4em\u00bb header_6_font=\u00bbPoppins|600|||||||\u00bb header_6_font_size=\u00bb16px\u00bb header_6_letter_spacing=\u00bb-0.03em\u00bb header_6_line_height=\u00bb1.4em\u00bb quote_font_size_tablet=\u00bb16px\u00bb quote_font_size_phone=\u00bb15px\u00bb quote_font_size_last_edited=\u00bbon|desktop\u00bb header_font_size_tablet=\u00bb40px\u00bb header_font_size_phone=\u00bb24px\u00bb header_font_size_last_edited=\u00bbon|desktop\u00bb header_2_font_size_tablet=\u00bb32px\u00bb header_2_font_size_phone=\u00bb20px\u00bb header_2_font_size_last_edited=\u00bbon|desktop\u00bb header_3_font_size_tablet=\u00bb20px\u00bb header_3_font_size_phone=\u00bb16px\u00bb header_3_font_size_last_edited=\u00bbon|desktop\u00bb header_4_font_size_tablet=\u00bb16px\u00bb header_4_font_size_phone=\u00bb15px\u00bb header_4_font_size_last_edited=\u00bbon|desktop\u00bb header_5_font_size_tablet=\u00bb16px\u00bb header_5_font_size_phone=\u00bb14px\u00bb header_5_font_size_last_edited=\u00bbon|desktop\u00bb header_6_font_size_tablet=\u00bb15px\u00bb header_6_font_size_phone=\u00bb14px\u00bb header_6_font_size_last_edited=\u00bbon|desktop\u00bb global_colors_info=\u00bb{}\u00bb]<\/p>\n<h1 style=\"text-align: right;\"><span style=\"color: #ffffff;\"><strong>Fernando<\/strong><\/span><\/h1>\n<h1 style=\"text-align: right;\"><span style=\"color: #ffffff;\"><strong>Molina<\/strong><\/span><\/h1>\n<h1 style=\"text-align: right;\"><span style=\"color: #ffffff;\"><strong>Pe\u00f1alosa<\/strong><\/span><\/h1>\n<p style=\"text-align: right;\"><span style=\"color: #ffffff;\">Profesional de la comunicaci\u00f3n<\/span><\/p>\n<p>[\/et_pb_text][et_pb_social_media_follow _builder_version=\u00bb4.27.6&#8243; _module_preset=\u00bbdefault\u00bb text_orientation=\u00bbright\u00bb custom_margin=\u00bb|-8px||-8px|false|true\u00bb hover_enabled=\u00bb0&#8243; text_orientation_tablet=\u00bbleft\u00bb text_orientation_phone=\u00bbright\u00bb text_orientation_last_edited=\u00bbon|phone\u00bb global_colors_info=\u00bb{}\u00bb sticky_enabled=\u00bb0&#8243;][et_pb_social_media_follow_network social_network=\u00bblinkedin\u00bb url=\u00bbhttps:\/\/www.linkedin.com\/in\/molinapenalosa\/\u00bb icon_color=\u00bb#dbc41a\u00bb _builder_version=\u00bb4.27.5&#8243; _module_preset=\u00bbdefault\u00bb global_colors_info=\u00bb{}\u00bb follow_button=\u00bboff\u00bb url_new_window=\u00bbon\u00bb]linkedin[\/et_pb_social_media_follow_network][et_pb_social_media_follow_network social_network=\u00bbtwitter\u00bb url=\u00bbhttps:\/\/x.com\/molinapenalosa\u00bb icon_color=\u00bb#dbc41a\u00bb _builder_version=\u00bb4.27.5&#8243; _module_preset=\u00bbdefault\u00bb global_colors_info=\u00bb{}\u00bb follow_button=\u00bboff\u00bb url_new_window=\u00bbon\u00bb]X[\/et_pb_social_media_follow_network][\/et_pb_social_media_follow][\/et_pb_column][et_pb_column type=\u00bb1_3&#8243; _builder_version=\u00bb4.25.0&#8243; _module_preset=\u00bbdefault\u00bb global_colors_info=\u00bb{}\u00bb][et_pb_text _builder_version=\u00bb4.27.6&#8243; _module_preset=\u00bbdefault\u00bb global_colors_info=\u00bb{}\u00bb]<\/p>\n<blockquote>\n<h6 style=\"text-align: right;\"><em><span style=\"color: #ffffff;\"><\/span><\/em><\/h6>\n<h6 style=\"text-align: right;\"><em><span style=\"color: #ffffff;\">Profesional con experiencia en comunicaci\u00f3n, emprendimiento y derecho. <\/span><\/em><\/h6>\n<h6 style=\"text-align: right;\"><em><span style=\"color: #ffffff;\">En mi etapa universitaria fund\u00e9 una empresa de organizaci\u00f3n de eventos y formaciones premiada por distintas instituciones, e impuls\u00e9 un club de debate universitario que sigue activo hoy. Tras desarrollar mi carrera en entornos jur\u00eddicos y comunicativos, me especializo en marketing y comunicaci\u00f3n estrat\u00e9gica, con especial inter\u00e9s por las oportunidades que ofrece la inteligencia artificial. <\/span><\/em><\/h6>\n<h6 style=\"text-align: right;\"><em><span style=\"color: #ffffff;\">Me mueven la cultura y las relaciones personales<\/span><\/em><\/h6>\n<p><em><span style=\"color: #ffffff;\"><\/span><\/em><\/p>\n<p><em><span style=\"color: #ffffff;\"><\/span><\/em><\/p>\n<\/blockquote>\n<p>[\/et_pb_text][\/et_pb_column][et_pb_column type=\u00bb1_3&#8243; _builder_version=\u00bb4.25.0&#8243; _module_preset=\u00bbdefault\u00bb global_colors_info=\u00bb{}\u00bb][et_pb_image src=\u00bbhttps:\/\/molinapenalosa.cvcomunicacion.es\/wp-content\/uploads\/2026\/02\/wmremove-transformed-1.jpeg\u00bb title_text=\u00bbwmremove-transformed\u00bb align=\u00bbright\u00bb force_fullwidth=\u00bbon\u00bb align_last_edited=\u00bboff|tablet\u00bb _builder_version=\u00bb4.27.5&#8243; _module_preset=\u00bbdefault\u00bb module_alignment=\u00bbright\u00bb custom_margin=\u00bb||||false|false\u00bb module_alignment_tablet=\u00bbleft\u00bb module_alignment_phone=\u00bbleft\u00bb module_alignment_last_edited=\u00bbon|phone\u00bb border_radii=\u00bbon|6px|6px|6px|6px\u00bb box_shadow_style=\u00bbpreset4&#8243; global_colors_info=\u00bb{}\u00bb][\/et_pb_image][\/et_pb_column][\/et_pb_row][\/et_pb_section][et_pb_section fb_built=\u00bb1&#8243; admin_label=\u00bbHeader\u00bb _builder_version=\u00bb4.27.6&#8243; _module_preset=\u00bbdefault\u00bb background_color=\u00bbgcid-a674551e-c023-4666-82b8-b7448e713885&#8243; min_height=\u00bb153.2px\u00bb custom_margin=\u00bb-70px||-60px|||\u00bb custom_padding=\u00bb2px|||||\u00bb collapsed=\u00bbon\u00bb global_colors_info=\u00bb{%22gcid-a674551e-c023-4666-82b8-b7448e713885%22:%91%22background_color%22%93}\u00bb][\/et_pb_section][et_pb_section fb_built=\u00bb1&#8243; admin_label=\u00bbEducation\u00bb _builder_version=\u00bb4.25.0&#8243; _module_preset=\u00bbdefault\u00bb min_height=\u00bb602px\u00bb custom_margin=\u00bb||-128px|||\u00bb custom_padding=\u00bb0px||0px|||\u00bb collapsed=\u00bboff\u00bb global_colors_info=\u00bb{}\u00bb][et_pb_row _builder_version=\u00bb4.27.6&#8243; _module_preset=\u00bbdefault\u00bb max_width=\u00bb1280px\u00bb min_height=\u00bb40.4px\u00bb global_colors_info=\u00bb{}\u00bb][et_pb_column type=\u00bb4_4&#8243; _builder_version=\u00bb4.25.0&#8243; _module_preset=\u00bbdefault\u00bb global_colors_info=\u00bb{}\u00bb][et_pb_heading title=\u00bbFormaci\u00f3n\u00bb _builder_version=\u00bb4.27.5&#8243; _module_preset=\u00bbd03ca204-1301-4a3e-b26e-d352cfed474d\u00bb global_colors_info=\u00bb{}\u00bb][\/et_pb_heading][\/et_pb_column][\/et_pb_row][et_pb_row column_structure=\u00bb1_3,2_3&#8243; _builder_version=\u00bb4.27.6&#8243; _module_preset=\u00bbdefault\u00bb max_width=\u00bb1280px\u00bb global_colors_info=\u00bb{}\u00bb][et_pb_column type=\u00bb1_3&#8243; _builder_version=\u00bb4.25.0&#8243; _module_preset=\u00bbdefault\u00bb global_colors_info=\u00bb{}\u00bb][et_pb_heading title=\u00bb2025-2026&#8243; _builder_version=\u00bb4.27.6&#8243; _module_preset=\u00bba57ccf29-3552-4796-b732-07d0cdd25211&#8243; global_colors_info=\u00bb{}\u00bb][\/et_pb_heading][\/et_pb_column][et_pb_column type=\u00bb2_3&#8243; _builder_version=\u00bb4.25.0&#8243; _module_preset=\u00bbdefault\u00bb global_colors_info=\u00bb{}\u00bb][et_pb_heading title=\u00bbM\u00e1ster en comunicaci\u00f3n corporativa, institucional y digital\u00bb _builder_version=\u00bb4.27.6&#8243; _module_preset=\u00bbacbc989f-9a6c-4419-a46e-cb8795865280&#8243; custom_margin=\u00bb||0px||false|false\u00bb global_colors_info=\u00bb{}\u00bb][\/et_pb_heading][et_pb_heading title=\u00bbEscuela de Negocios de la C\u00e1mara de Comercio de Sevilla\u00bb _builder_version=\u00bb4.27.6&#8243; _module_preset=\u00bba57ccf29-3552-4796-b732-07d0cdd25211&#8243; title_text_color=\u00bbgcid-heading-color\u00bb global_colors_info=\u00bb{%22gcid-heading-color%22:%91%22title_text_color%22%93}\u00bb][\/et_pb_heading][et_pb_text _builder_version=\u00bb4.25.0&#8243; _module_preset=\u00bb6259ee30-f6c7-48f9-8757-637bde08e2a2&#8243; global_colors_info=\u00bb{}\u00bb]<\/p>\n<p>M\u00e1ster especializado en direcci\u00f3n estrat\u00e9gica de comunicaci\u00f3n y marketing con foco en lo digital y la inteligencia artificial. Visi\u00f3n 360\u00ba y claustro compuesto por profesionales de primer nivel: investigaci\u00f3n, tecnolog\u00edas aplicadas, comunicaci\u00f3n institucional, comunicaci\u00f3n pol\u00edtica, comunicaci\u00f3n corporativa y comunicaci\u00f3n estrat\u00e9gica.<\/p>\n<p>[\/et_pb_text][\/et_pb_column][\/et_pb_row][et_pb_row column_structure=\u00bb1_3,2_3&#8243; _builder_version=\u00bb4.25.0&#8243; _module_preset=\u00bbdefault\u00bb max_width=\u00bb1280px\u00bb global_colors_info=\u00bb{}\u00bb][et_pb_column type=\u00bb1_3&#8243; _builder_version=\u00bb4.25.0&#8243; _module_preset=\u00bbdefault\u00bb global_colors_info=\u00bb{}\u00bb][et_pb_heading title=\u00bb2006-2012&#8243; _builder_version=\u00bb4.27.6&#8243; _module_preset=\u00bba57ccf29-3552-4796-b732-07d0cdd25211&#8243; global_colors_info=\u00bb{}\u00bb][\/et_pb_heading][\/et_pb_column][et_pb_column type=\u00bb2_3&#8243; _builder_version=\u00bb4.25.0&#8243; _module_preset=\u00bbdefault\u00bb global_colors_info=\u00bb{}\u00bb][et_pb_heading title=\u00bbLicenciado en Ciencias Pol\u00edticas y en Derecho\u00bb _builder_version=\u00bb4.27.6&#8243; _module_preset=\u00bbacbc989f-9a6c-4419-a46e-cb8795865280&#8243; custom_margin=\u00bb||0px||false|false\u00bb global_colors_info=\u00bb{}\u00bb][\/et_pb_heading][et_pb_heading title=\u00bbUniversidad Pablo de Olavide (Sevilla)\u00bb _builder_version=\u00bb4.27.6&#8243; _module_preset=\u00bba57ccf29-3552-4796-b732-07d0cdd25211&#8243; title_text_color=\u00bbgcid-heading-color\u00bb global_colors_info=\u00bb{%22gcid-heading-color%22:%91%22title_text_color%22%93}\u00bb][\/et_pb_heading][et_pb_text _builder_version=\u00bb4.27.6&#8243; _module_preset=\u00bb6259ee30-f6c7-48f9-8757-637bde08e2a2&#8243; global_colors_info=\u00bb{}\u00bb]<\/p>\n<p>Doble licenciatura y nota media de notable en ambas titulaciones. Programa Erasmus en el curso 2009 en Lyon (Francia). Fundador del Club de Debate de la Universidad y Delegado General de Estudiantes (curso 2008-2009)<\/p>\n<p>[\/et_pb_text][\/et_pb_column][\/et_pb_row][et_pb_row _builder_version=\u00bb4.25.0&#8243; _module_preset=\u00bbdefault\u00bb max_width=\u00bb1280px\u00bb custom_padding=\u00bb0px|||||\u00bb locked=\u00bboff\u00bb global_colors_info=\u00bb{}\u00bb][et_pb_column type=\u00bb4_4&#8243; _builder_version=\u00bb4.25.0&#8243; _module_preset=\u00bbdefault\u00bb global_colors_info=\u00bb{}\u00bb][et_pb_divider color=\u00bbrgba(0,0,0,0.12)\u00bb divider_position=\u00bbcenter\u00bb _builder_version=\u00bb4.25.0&#8243; _module_preset=\u00bbdefault\u00bb custom_padding=\u00bb||28px|||\u00bb global_colors_info=\u00bb{}\u00bb][\/et_pb_divider][\/et_pb_column][\/et_pb_row][\/et_pb_section][et_pb_section fb_built=\u00bb1&#8243; admin_label=\u00bbWork Experience\u00bb _builder_version=\u00bb4.25.0&#8243; _module_preset=\u00bbdefault\u00bb custom_margin=\u00bb||-124px|||\u00bb custom_padding=\u00bb129px|||||\u00bb collapsed=\u00bbon\u00bb global_colors_info=\u00bb{}\u00bb][et_pb_row _builder_version=\u00bb4.25.0&#8243; _module_preset=\u00bbdefault\u00bb max_width=\u00bb1280px\u00bb custom_padding=\u00bb0px|||||\u00bb global_colors_info=\u00bb{}\u00bb][et_pb_column type=\u00bb4_4&#8243; _builder_version=\u00bb4.25.0&#8243; _module_preset=\u00bbdefault\u00bb global_colors_info=\u00bb{}\u00bb][et_pb_heading title=\u00bbExperiencia laboral\u00bb _builder_version=\u00bb4.27.6&#8243; _module_preset=\u00bbd03ca204-1301-4a3e-b26e-d352cfed474d\u00bb global_colors_info=\u00bb{}\u00bb][\/et_pb_heading][\/et_pb_column][\/et_pb_row][et_pb_row column_structure=\u00bb1_3,2_3&#8243; _builder_version=\u00bb4.25.0&#8243; _module_preset=\u00bbdefault\u00bb max_width=\u00bb1280px\u00bb global_colors_info=\u00bb{}\u00bb][et_pb_column type=\u00bb1_3&#8243; _builder_version=\u00bb4.25.0&#8243; _module_preset=\u00bbdefault\u00bb global_colors_info=\u00bb{}\u00bb][et_pb_heading title=\u00bb2014-2025&#8243; _builder_version=\u00bb4.27.6&#8243; _module_preset=\u00bba57ccf29-3552-4796-b732-07d0cdd25211&#8243; global_colors_info=\u00bb{}\u00bb][\/et_pb_heading][\/et_pb_column][et_pb_column type=\u00bb2_3&#8243; _builder_version=\u00bb4.25.0&#8243; _module_preset=\u00bbdefault\u00bb global_colors_info=\u00bb{}\u00bb][et_pb_heading title=\u00bbAbogado\u00bb _builder_version=\u00bb4.27.6&#8243; _module_preset=\u00bbacbc989f-9a6c-4419-a46e-cb8795865280&#8243; custom_margin=\u00bb||0px||false|false\u00bb global_colors_info=\u00bb{}\u00bb][\/et_pb_heading][et_pb_heading title=\u00bbBanco Santander\u00bb _builder_version=\u00bb4.27.6&#8243; _module_preset=\u00bba57ccf29-3552-4796-b732-07d0cdd25211&#8243; title_text_color=\u00bbgcid-heading-color\u00bb global_colors_info=\u00bb{%22gcid-heading-color%22:%91%22title_text_color%22%93}\u00bb][\/et_pb_heading][et_pb_text _builder_version=\u00bb4.25.0&#8243; _module_preset=\u00bb6259ee30-f6c7-48f9-8757-637bde08e2a2&#8243; global_colors_info=\u00bb{}\u00bb]<\/p>\n<p>Asesoramiento jur\u00eddico para la red comercial de sucursales bancarias. 6 a\u00f1os trabajando en remoto.<\/p>\n<p>[\/et_pb_text][\/et_pb_column][\/et_pb_row][et_pb_row column_structure=\u00bb1_3,2_3&#8243; _builder_version=\u00bb4.25.0&#8243; _module_preset=\u00bbdefault\u00bb max_width=\u00bb1280px\u00bb global_colors_info=\u00bb{}\u00bb][et_pb_column type=\u00bb1_3&#8243; _builder_version=\u00bb4.25.0&#8243; _module_preset=\u00bbdefault\u00bb global_colors_info=\u00bb{}\u00bb][et_pb_heading title=\u00bb2012-2014&#8243; _builder_version=\u00bb4.27.6&#8243; _module_preset=\u00bba57ccf29-3552-4796-b732-07d0cdd25211&#8243; global_colors_info=\u00bb{}\u00bb][\/et_pb_heading][\/et_pb_column][et_pb_column type=\u00bb2_3&#8243; _builder_version=\u00bb4.25.0&#8243; _module_preset=\u00bbdefault\u00bb global_colors_info=\u00bb{}\u00bb][et_pb_heading title=\u00bbAbogado\u00bb _builder_version=\u00bb4.27.6&#8243; _module_preset=\u00bbacbc989f-9a6c-4419-a46e-cb8795865280&#8243; custom_margin=\u00bb||0px||false|false\u00bb global_colors_info=\u00bb{}\u00bb][\/et_pb_heading][et_pb_heading title=\u00bbJimenez Portero Abogados\u00bb _builder_version=\u00bb4.27.6&#8243; _module_preset=\u00bba57ccf29-3552-4796-b732-07d0cdd25211&#8243; title_text_color=\u00bbgcid-heading-color\u00bb global_colors_info=\u00bb{%22gcid-heading-color%22:%91%22title_text_color%22%93}\u00bb][\/et_pb_heading][et_pb_text _builder_version=\u00bb4.25.0&#8243; _module_preset=\u00bb6259ee30-f6c7-48f9-8757-637bde08e2a2&#8243; global_colors_info=\u00bb{}\u00bb]<\/p>\n<p>Asesoramiento jur\u00eddico para BANC SABADELL.<\/p>\n<p>[\/et_pb_text][\/et_pb_column][\/et_pb_row][et_pb_row column_structure=\u00bb1_3,2_3&#8243; _builder_version=\u00bb4.25.0&#8243; _module_preset=\u00bbdefault\u00bb max_width=\u00bb1280px\u00bb global_colors_info=\u00bb{}\u00bb][et_pb_column type=\u00bb1_3&#8243; _builder_version=\u00bb4.25.0&#8243; _module_preset=\u00bbdefault\u00bb global_colors_info=\u00bb{}\u00bb][et_pb_heading title=\u00bb2009-2015&#8243; _builder_version=\u00bb4.27.6&#8243; _module_preset=\u00bba57ccf29-3552-4796-b732-07d0cdd25211&#8243; global_colors_info=\u00bb{}\u00bb][\/et_pb_heading][\/et_pb_column][et_pb_column type=\u00bb2_3&#8243; _builder_version=\u00bb4.25.0&#8243; _module_preset=\u00bbdefault\u00bb global_colors_info=\u00bb{}\u00bb][et_pb_heading title=\u00bbDIRCOM \/ Socio fundador\u00bb _builder_version=\u00bb4.27.6&#8243; _module_preset=\u00bbacbc989f-9a6c-4419-a46e-cb8795865280&#8243; custom_margin=\u00bb||0px||false|false\u00bb global_colors_info=\u00bb{}\u00bb][\/et_pb_heading][et_pb_heading title=\u00bbSociedad Con Acento\u00bb _builder_version=\u00bb4.27.6&#8243; _module_preset=\u00bba57ccf29-3552-4796-b732-07d0cdd25211&#8243; title_text_color=\u00bbgcid-heading-color\u00bb global_colors_info=\u00bb{%22gcid-heading-color%22:%91%22title_text_color%22%93}\u00bb][\/et_pb_heading][et_pb_text _builder_version=\u00bb4.25.0&#8243; _module_preset=\u00bb6259ee30-f6c7-48f9-8757-637bde08e2a2&#8243; global_colors_info=\u00bb{}\u00bb]<\/p>\n<p>Comunicaci\u00f3n, organizaci\u00f3n de eventos y gesti\u00f3n de proyectos.<\/p>\n<p>[\/et_pb_text][\/et_pb_column][\/et_pb_row][et_pb_row column_structure=\u00bb1_3,2_3&#8243; _builder_version=\u00bb4.27.6&#8243; _module_preset=\u00bbdefault\u00bb max_width=\u00bb1280px\u00bb global_colors_info=\u00bb{}\u00bb][et_pb_column type=\u00bb1_3&#8243; _builder_version=\u00bb4.25.0&#8243; _module_preset=\u00bbdefault\u00bb global_colors_info=\u00bb{}\u00bb][et_pb_heading title=\u00bb2012-2013&#8243; _builder_version=\u00bb4.27.6&#8243; _module_preset=\u00bba57ccf29-3552-4796-b732-07d0cdd25211&#8243; global_colors_info=\u00bb{}\u00bb][\/et_pb_heading][\/et_pb_column][et_pb_column type=\u00bb2_3&#8243; _builder_version=\u00bb4.25.0&#8243; _module_preset=\u00bbdefault\u00bb global_colors_info=\u00bb{}\u00bb][et_pb_heading title=\u00bbT\u00e9cnico de comunicaci\u00f3n\u00bb _builder_version=\u00bb4.27.6&#8243; _module_preset=\u00bbacbc989f-9a6c-4419-a46e-cb8795865280&#8243; custom_margin=\u00bb||0px||false|false\u00bb global_colors_info=\u00bb{}\u00bb][\/et_pb_heading][et_pb_heading title=\u00bbFundaci\u00f3n Gestrafic\u00bb _builder_version=\u00bb4.27.6&#8243; _module_preset=\u00bba57ccf29-3552-4796-b732-07d0cdd25211&#8243; title_text_color=\u00bbgcid-heading-color\u00bb global_colors_info=\u00bb{%22gcid-heading-color%22:%91%22title_text_color%22%93}\u00bb][\/et_pb_heading][et_pb_text _builder_version=\u00bb4.25.0&#8243; _module_preset=\u00bb6259ee30-f6c7-48f9-8757-637bde08e2a2&#8243; global_colors_info=\u00bb{}\u00bb]<\/p>\n<p>Gesti\u00f3n de redes sociales, contenidos SEO para blog corporativo y mailing de la Fundaci\u00f3n.<\/p>\n<p>[\/et_pb_text][\/et_pb_column][\/et_pb_row][et_pb_row column_structure=\u00bb1_3,2_3&#8243; _builder_version=\u00bb4.25.0&#8243; _module_preset=\u00bbdefault\u00bb max_width=\u00bb1280px\u00bb global_colors_info=\u00bb{}\u00bb][et_pb_column type=\u00bb1_3&#8243; _builder_version=\u00bb4.25.0&#8243; _module_preset=\u00bbdefault\u00bb global_colors_info=\u00bb{}\u00bb][et_pb_heading title=\u00bb2011-2012&#8243; _builder_version=\u00bb4.27.6&#8243; _module_preset=\u00bba57ccf29-3552-4796-b732-07d0cdd25211&#8243; global_colors_info=\u00bb{}\u00bb][\/et_pb_heading][\/et_pb_column][et_pb_column type=\u00bb2_3&#8243; _builder_version=\u00bb4.25.0&#8243; _module_preset=\u00bbdefault\u00bb global_colors_info=\u00bb{}\u00bb][et_pb_heading title=\u00bbT\u00e9cnico de comunicaci\u00f3n\u00bb _builder_version=\u00bb4.27.6&#8243; _module_preset=\u00bbacbc989f-9a6c-4419-a46e-cb8795865280&#8243; custom_margin=\u00bb||0px||false|false\u00bb global_colors_info=\u00bb{}\u00bb][\/et_pb_heading][et_pb_heading title=\u00bbDiputaci\u00f3n de Sevilla\u00bb _builder_version=\u00bb4.27.6&#8243; _module_preset=\u00bba57ccf29-3552-4796-b732-07d0cdd25211&#8243; title_text_color=\u00bbgcid-heading-color\u00bb global_colors_info=\u00bb{%22gcid-heading-color%22:%91%22title_text_color%22%93}\u00bb][\/et_pb_heading][et_pb_text _builder_version=\u00bb4.27.6&#8243; _module_preset=\u00bb6259ee30-f6c7-48f9-8757-637bde08e2a2&#8243; global_colors_info=\u00bb{}\u00bb]<\/p>\n<p>Gabinete de prensa, estrategia y gesti\u00f3n de redes sociales, organizaci\u00f3n de eventos y elaboraci\u00f3n de discursos.<\/p>\n<p>[\/et_pb_text][\/et_pb_column][\/et_pb_row][et_pb_row _builder_version=\u00bb4.25.0&#8243; _module_preset=\u00bbdefault\u00bb max_width=\u00bb1280px\u00bb custom_margin=\u00bb-47px|auto||auto||\u00bb locked=\u00bboff\u00bb global_colors_info=\u00bb{}\u00bb][et_pb_column type=\u00bb4_4&#8243; _builder_version=\u00bb4.25.0&#8243; _module_preset=\u00bbdefault\u00bb global_colors_info=\u00bb{}\u00bb][et_pb_divider color=\u00bbrgba(0,0,0,0.12)\u00bb divider_position=\u00bbcenter\u00bb _builder_version=\u00bb4.25.0&#8243; _module_preset=\u00bbdefault\u00bb custom_padding=\u00bb||9px|||\u00bb global_colors_info=\u00bb{}\u00bb][\/et_pb_divider][\/et_pb_column][\/et_pb_row][\/et_pb_section][et_pb_section fb_built=\u00bb1&#8243; admin_label=\u00bbSkills &#038; Expertise\u00bb _builder_version=\u00bb4.25.0&#8243; _module_preset=\u00bbdefault\u00bb custom_padding=\u00bb29px|||||\u00bb collapsed=\u00bbon\u00bb global_colors_info=\u00bb{}\u00bb][et_pb_row _builder_version=\u00bb4.25.0&#8243; _module_preset=\u00bbdefault\u00bb max_width=\u00bb1280px\u00bb global_colors_info=\u00bb{}\u00bb][et_pb_column type=\u00bb4_4&#8243; _builder_version=\u00bb4.25.0&#8243; _module_preset=\u00bbdefault\u00bb global_colors_info=\u00bb{}\u00bb][et_pb_heading title=\u00bbMiscelanea \u00bb _builder_version=\u00bb4.25.0&#8243; _module_preset=\u00bbd03ca204-1301-4a3e-b26e-d352cfed474d\u00bb global_colors_info=\u00bb{}\u00bb][\/et_pb_heading][\/et_pb_column][\/et_pb_row][et_pb_row column_structure=\u00bb1_3,1_3,1_3&#8243; custom_padding_last_edited=\u00bbon|desktop\u00bb _builder_version=\u00bb4.25.0&#8243; _module_preset=\u00bbdefault\u00bb max_width=\u00bb1280px\u00bb custom_padding_tablet=\u00bb||0px||false|false\u00bb custom_padding_phone=\u00bb||0px||false|false\u00bb global_colors_info=\u00bb{}\u00bb custom_margin=\u00bb|auto|38px|auto||\u00bb][et_pb_column type=\u00bb1_3&#8243; _builder_version=\u00bb4.25.0&#8243; _module_preset=\u00bbdefault\u00bb global_colors_info=\u00bb{}\u00bb][et_pb_heading title=\u00bbIdiomas\u00bb _builder_version=\u00bb4.27.6&#8243; _module_preset=\u00bbacbc989f-9a6c-4419-a46e-cb8795865280&#8243; custom_margin=\u00bb||10px||false|false\u00bb global_colors_info=\u00bb{}\u00bb][\/et_pb_heading][et_pb_blurb use_icon=\u00bbon\u00bb font_icon=\u00bb&#xf00c;||fa||900&#8243; _builder_version=\u00bb4.25.0&#8243; _module_preset=\u00bb64b36625-8a2d-40d9-a0dc-25ee6f8c4904&#8243; custom_margin=\u00bb||10px||false|false\u00bb global_colors_info=\u00bb{}\u00bb]<\/p>\n<p>Ingl\u00e9s, nivel B2.\u00a0<\/p>\n<p>[\/et_pb_blurb][et_pb_blurb use_icon=\u00bbon\u00bb font_icon=\u00bb&#xf00c;||fa||900&#8243; _builder_version=\u00bb4.25.0&#8243; _module_preset=\u00bb64b36625-8a2d-40d9-a0dc-25ee6f8c4904&#8243; custom_margin=\u00bb||10px||false|false\u00bb global_colors_info=\u00bb{}\u00bb]<\/p>\n<p>Franc\u00e9s, nivel B1. Curso 2009-2010 realizado en Lyon (Francia).<\/p>\n<p>[\/et_pb_blurb][\/et_pb_column][et_pb_column type=\u00bb1_3&#8243; _builder_version=\u00bb4.25.0&#8243; _module_preset=\u00bbdefault\u00bb global_colors_info=\u00bb{}\u00bb][et_pb_heading title=\u00bbInform\u00e1tica\u00bb _builder_version=\u00bb4.27.6&#8243; _module_preset=\u00bbacbc989f-9a6c-4419-a46e-cb8795865280&#8243; custom_margin=\u00bb||10px||false|false\u00bb global_colors_info=\u00bb{}\u00bb][\/et_pb_heading][et_pb_blurb use_icon=\u00bbon\u00bb font_icon=\u00bb&#xf00c;||fa||900&#8243; _builder_version=\u00bb4.25.0&#8243; _module_preset=\u00bb64b36625-8a2d-40d9-a0dc-25ee6f8c4904&#8243; custom_margin=\u00bb||10px||false|false\u00bb global_colors_info=\u00bb{}\u00bb]<\/p>\n<p>MS Office (Excel, word, powerpoint) a nivel profesional.<\/p>\n<p>[\/et_pb_blurb][et_pb_blurb use_icon=\u00bbon\u00bb font_icon=\u00bb&#xf00c;||fa||900&#8243; _builder_version=\u00bb4.27.6&#8243; _module_preset=\u00bb64b36625-8a2d-40d9-a0dc-25ee6f8c4904&#8243; custom_margin=\u00bb||10px||false|false\u00bb global_colors_info=\u00bb{}\u00bb]<\/p>\n<p>Herramientas de dise\u00f1o: Photoshop, Canva, BananaPro.<\/p>\n<p>[\/et_pb_blurb][et_pb_blurb use_icon=\u00bbon\u00bb font_icon=\u00bb&#xf00c;||fa||900&#8243; _builder_version=\u00bb4.25.0&#8243; _module_preset=\u00bb64b36625-8a2d-40d9-a0dc-25ee6f8c4904&#8243; custom_margin=\u00bb||10px||false|false\u00bb locked=\u00bboff\u00bb global_colors_info=\u00bb{}\u00bb]<\/p>\n<p>Herramientas de IA: Claude, ChatGPT, Gemini.<\/p>\n<p>[\/et_pb_blurb][\/et_pb_column][et_pb_column type=\u00bb1_3&#8243; _builder_version=\u00bb4.25.0&#8243; _module_preset=\u00bbdefault\u00bb global_colors_info=\u00bb{}\u00bb][et_pb_heading title=\u00bbReconocimientos\u00bb _builder_version=\u00bb4.27.6&#8243; _module_preset=\u00bbacbc989f-9a6c-4419-a46e-cb8795865280&#8243; custom_margin=\u00bb||10px||false|false\u00bb global_colors_info=\u00bb{}\u00bb][\/et_pb_heading][et_pb_blurb use_icon=\u00bbon\u00bb font_icon=\u00bb&#xf00c;||fa||900&#8243; _builder_version=\u00bb4.27.6&#8243; _module_preset=\u00bb64b36625-8a2d-40d9-a0dc-25ee6f8c4904&#8243; custom_margin=\u00bb||10px||false|false\u00bb hover_enabled=\u00bb0&#8243; global_colors_info=\u00bb{}\u00bb sticky_enabled=\u00bb0&#8243;]<\/p>\n<p>\u00abPremio Andaluc\u00eda Joven\u00bb de la Junta de Andaluc\u00eda (2011).<\/p>\n<p>[\/et_pb_blurb][et_pb_blurb use_icon=\u00bbon\u00bb font_icon=\u00bb&#xf00c;||fa||900&#8243; _builder_version=\u00bb4.27.6&#8243; _module_preset=\u00bb64b36625-8a2d-40d9-a0dc-25ee6f8c4904&#8243; custom_margin=\u00bb||10px||false|false\u00bb global_colors_info=\u00bb{}\u00bb]<\/p>\n<p>\u00abPremio Foro Consejos Sociales de Andaluc\u00eda\u00bb (2012).<\/p>\n<p>[\/et_pb_blurb][\/et_pb_column][\/et_pb_row][\/et_pb_section][et_pb_section fb_built=\u00bb1&#8243; admin_label=\u00bbFooter\u00bb _builder_version=\u00bb4.27.6&#8243; _module_preset=\u00bbdefault\u00bb background_color=\u00bb#16264a\u00bb custom_margin=\u00bb-55px|||||\u00bb hover_enabled=\u00bb0&#8243; border_color_all=\u00bbrgba(0,0,0,0.12)\u00bb border_width_top=\u00bb1px\u00bb saved_tabs=\u00bball\u00bb collapsed=\u00bbon\u00bb global_colors_info=\u00bb{}\u00bb sticky_enabled=\u00bb0&#8243;][et_pb_row use_custom_gutter=\u00bbon\u00bb gutter_width=\u00bb1&#8243; _builder_version=\u00bb4.27.6&#8243; _module_preset=\u00bb14f794ed-9f67-4e6a-881b-be04d827097e\u00bb max_width=\u00bb1057px\u00bb custom_padding=\u00bb25px|||||\u00bb hover_enabled=\u00bb0&#8243; global_colors_info=\u00bb{}\u00bb sticky_enabled=\u00bb0&#8243;][et_pb_column type=\u00bb4_4&#8243; _builder_version=\u00bb4.25.0&#8243; _module_preset=\u00bbdefault\u00bb global_colors_info=\u00bb{}\u00bb][et_pb_heading _builder_version=\u00bb4.27.6&#8243; _module_preset=\u00bba57ccf29-3552-4796-b732-07d0cdd25211&#8243; title_font=\u00bb|600|||||||\u00bb title_text_color=\u00bb#FFFFFF\u00bb global_colors_info=\u00bb{}\u00bb][\/et_pb_heading][et_pb_text _builder_version=\u00bb4.27.6&#8243; _module_preset=\u00bbdefault\u00bb hover_enabled=\u00bb0&#8243; sticky_enabled=\u00bb0&#8243;]<\/p>\n<h1 style=\"text-align: center;\"><span style=\"color: #ffffff;\">\u00bfHablamos<\/span><span style=\"color: #ffffff;\">?<\/span><\/h1>\n<p><span style=\"color: #ffffff;\"><\/span><\/p>\n<p><span style=\"color: #ffffff;\"><\/span><\/p>\n<p><span style=\"color: #ffffff;\"><\/span><\/p>\n<p><span style=\"color: #ffffff;\"><\/span><\/p>\n<p>[\/et_pb_text][et_pb_contact_form email=\u00bbfmolpen@gmail.com\u00bb _builder_version=\u00bb4.27.6&#8243; _module_preset=\u00bbdefault\u00bb _unique_id=\u00bba1149df7-aa54-430b-8375-3330c7aa9a25&#8243; custom_padding=\u00bb|0px||||\u00bb global_colors_info=\u00bb{}\u00bb][et_pb_contact_field field_id=\u00bbName\u00bb field_title=\u00bbNombre\u00bb _builder_version=\u00bb4.27.6&#8243; global_colors_info=\u00bb{}\u00bb button_text_size__hover_enabled=\u00bboff\u00bb button_one_text_size__hover_enabled=\u00bboff\u00bb button_two_text_size__hover_enabled=\u00bboff\u00bb button_text_color__hover_enabled=\u00bboff\u00bb button_one_text_color__hover_enabled=\u00bboff\u00bb button_two_text_color__hover_enabled=\u00bboff\u00bb button_border_width__hover_enabled=\u00bboff\u00bb button_one_border_width__hover_enabled=\u00bboff\u00bb button_two_border_width__hover_enabled=\u00bboff\u00bb button_border_color__hover_enabled=\u00bboff\u00bb button_one_border_color__hover_enabled=\u00bboff\u00bb button_two_border_color__hover_enabled=\u00bboff\u00bb button_border_radius__hover_enabled=\u00bboff\u00bb button_one_border_radius__hover_enabled=\u00bboff\u00bb button_two_border_radius__hover_enabled=\u00bboff\u00bb button_letter_spacing__hover_enabled=\u00bboff\u00bb button_one_letter_spacing__hover_enabled=\u00bboff\u00bb button_two_letter_spacing__hover_enabled=\u00bboff\u00bb button_bg_color__hover_enabled=\u00bboff\u00bb button_one_bg_color__hover_enabled=\u00bboff\u00bb button_two_bg_color__hover_enabled=\u00bboff\u00bb][\/et_pb_contact_field][et_pb_contact_field field_id=\u00bbEmail\u00bb field_title=\u00bbDirecci\u00f3n de correo electr\u00f3nico\u00bb field_type=\u00bbemail\u00bb _builder_version=\u00bb4.27.6&#8243; global_colors_info=\u00bb{}\u00bb button_text_size__hover_enabled=\u00bboff\u00bb button_one_text_size__hover_enabled=\u00bboff\u00bb button_two_text_size__hover_enabled=\u00bboff\u00bb button_text_color__hover_enabled=\u00bboff\u00bb button_one_text_color__hover_enabled=\u00bboff\u00bb button_two_text_color__hover_enabled=\u00bboff\u00bb button_border_width__hover_enabled=\u00bboff\u00bb button_one_border_width__hover_enabled=\u00bboff\u00bb button_two_border_width__hover_enabled=\u00bboff\u00bb button_border_color__hover_enabled=\u00bboff\u00bb button_one_border_color__hover_enabled=\u00bboff\u00bb button_two_border_color__hover_enabled=\u00bboff\u00bb button_border_radius__hover_enabled=\u00bboff\u00bb button_one_border_radius__hover_enabled=\u00bboff\u00bb button_two_border_radius__hover_enabled=\u00bboff\u00bb button_letter_spacing__hover_enabled=\u00bboff\u00bb button_one_letter_spacing__hover_enabled=\u00bboff\u00bb button_two_letter_spacing__hover_enabled=\u00bboff\u00bb button_bg_color__hover_enabled=\u00bboff\u00bb button_one_bg_color__hover_enabled=\u00bboff\u00bb button_two_bg_color__hover_enabled=\u00bboff\u00bb][\/et_pb_contact_field][et_pb_contact_field field_id=\u00bbMessage\u00bb field_title=\u00bbMensaje\u00bb field_type=\u00bbtext\u00bb fullwidth_field=\u00bbon\u00bb _builder_version=\u00bb4.16&#8243; global_colors_info=\u00bb{}\u00bb button_text_size__hover_enabled=\u00bboff\u00bb button_one_text_size__hover_enabled=\u00bboff\u00bb button_two_text_size__hover_enabled=\u00bboff\u00bb button_text_color__hover_enabled=\u00bboff\u00bb button_one_text_color__hover_enabled=\u00bboff\u00bb button_two_text_color__hover_enabled=\u00bboff\u00bb button_border_width__hover_enabled=\u00bboff\u00bb button_one_border_width__hover_enabled=\u00bboff\u00bb button_two_border_width__hover_enabled=\u00bboff\u00bb button_border_color__hover_enabled=\u00bboff\u00bb button_one_border_color__hover_enabled=\u00bboff\u00bb button_two_border_color__hover_enabled=\u00bboff\u00bb button_border_radius__hover_enabled=\u00bboff\u00bb button_one_border_radius__hover_enabled=\u00bboff\u00bb button_two_border_radius__hover_enabled=\u00bboff\u00bb button_letter_spacing__hover_enabled=\u00bboff\u00bb button_one_letter_spacing__hover_enabled=\u00bboff\u00bb button_two_letter_spacing__hover_enabled=\u00bboff\u00bb button_bg_color__hover_enabled=\u00bboff\u00bb button_one_bg_color__hover_enabled=\u00bboff\u00bb button_two_bg_color__hover_enabled=\u00bboff\u00bb][\/et_pb_contact_field][\/et_pb_contact_form][\/et_pb_column][\/et_pb_row][et_pb_row _builder_version=\u00bb4.27.6&#8243; _module_preset=\u00bbdefault\u00bb][et_pb_column _builder_version=\u00bb4.27.6&#8243; _module_preset=\u00bbdefault\u00bb type=\u00bb4_4&#8243;][\/et_pb_column][\/et_pb_row][\/et_pb_section]<\/p>\n","protected":false},"excerpt":{"rendered":"<p>Fernando Molina Pe\u00f1alosa. Profesional de la comunicaci\u00f3n institucional y corporativa.<\/p>\n","protected":false},"author":1,"featured_media":0,"parent":0,"menu_order":0,"comment_status":"closed","ping_status":"closed","template":"","meta":{"_et_pb_use_builder":"on","_et_pb_old_content":"","_et_gb_content_width":"","footnotes":""},"class_list":["post-33","page","type-page","status-publish","hentry"],"yoast_head":"<!-- This site is optimized with the Yoast SEO plugin v27.0 - https:\/\/yoast.com\/product\/yoast-seo-wordpress\/ -->\n<title>FERNANDO MOLINA PE\u00d1ALOSA | PROFESIONAL DE LA COMUNICACI\u00d3N - Fernando Molina Pe\u00f1alosa<\/title>\n<meta name=\"robots\" content=\"noindex, follow, max-snippet:-1, max-image-preview:large, max-video-preview:-1\" \/>\n<meta property=\"og:locale\" content=\"es_ES\" \/>\n<meta property=\"og:type\" content=\"article\" \/>\n<meta property=\"og:title\" content=\"FERNANDO MOLINA PE\u00d1ALOSA | PROFESIONAL DE LA COMUNICACI\u00d3N - Fernando Molina Pe\u00f1alosa\" \/>\n<meta property=\"og:description\" content=\"Fernando Molina Pe\u00f1alosa. Profesional de la comunicaci\u00f3n institucional y corporativa.\" \/>\n<meta property=\"og:url\" content=\"https:\/\/molinapenalosa.cvcomunicacion.es\/\" \/>\n<meta property=\"og:site_name\" content=\"Fernando Molina Pe\u00f1alosa\" \/>\n<meta property=\"article:modified_time\" content=\"2026-03-11T19:17:13+00:00\" \/>\n<meta name=\"twitter:card\" content=\"summary_large_image\" \/>\n<meta name=\"twitter:label1\" content=\"Tiempo de lectura\" \/>\n\t<meta name=\"twitter:data1\" content=\"2 minutos\" \/>\n<script type=\"application\/ld+json\" class=\"yoast-schema-graph\">{\"@context\":\"https:\/\/schema.org\",\"@graph\":[{\"@type\":\"WebPage\",\"@id\":\"https:\/\/molinapenalosa.cvcomunicacion.es\/\",\"url\":\"https:\/\/molinapenalosa.cvcomunicacion.es\/\",\"name\":\"FERNANDO MOLINA PE\u00d1ALOSA | PROFESIONAL DE LA COMUNICACI\u00d3N - Fernando Molina Pe\u00f1alosa\",\"isPartOf\":{\"@id\":\"https:\/\/molinapenalosa.cvcomunicacion.es\/#website\"},\"datePublished\":\"2026-02-20T19:12:57+00:00\",\"dateModified\":\"2026-03-11T19:17:13+00:00\",\"breadcrumb\":{\"@id\":\"https:\/\/molinapenalosa.cvcomunicacion.es\/#breadcrumb\"},\"inLanguage\":\"es\",\"potentialAction\":[{\"@type\":\"ReadAction\",\"target\":[\"https:\/\/molinapenalosa.cvcomunicacion.es\/\"]}]},{\"@type\":\"BreadcrumbList\",\"@id\":\"https:\/\/molinapenalosa.cvcomunicacion.es\/#breadcrumb\",\"itemListElement\":[{\"@type\":\"ListItem\",\"position\":1,\"name\":\"Portada\",\"item\":\"https:\/\/molinapenalosa.cvcomunicacion.es\/\"},{\"@type\":\"ListItem\",\"position\":2,\"name\":\"FERNANDO MOLINA PE\u00d1ALOSA | PROFESIONAL DE LA COMUNICACI\u00d3N\"}]},{\"@type\":\"WebSite\",\"@id\":\"https:\/\/molinapenalosa.cvcomunicacion.es\/#website\",\"url\":\"https:\/\/molinapenalosa.cvcomunicacion.es\/\",\"name\":\"Fernando Molina Pe\u00f1alosa\",\"description\":\"Profesional de la comunicaci\u00f3n institucional y corporativa\",\"potentialAction\":[{\"@type\":\"SearchAction\",\"target\":{\"@type\":\"EntryPoint\",\"urlTemplate\":\"https:\/\/molinapenalosa.cvcomunicacion.es\/?s={search_term_string}\"},\"query-input\":{\"@type\":\"PropertyValueSpecification\",\"valueRequired\":true,\"valueName\":\"search_term_string\"}}],\"inLanguage\":\"es\"}]}<\/script>\n<!-- \/ Yoast SEO plugin. -->","yoast_head_json":{"title":"FERNANDO MOLINA PE\u00d1ALOSA | PROFESIONAL DE LA COMUNICACI\u00d3N - Fernando Molina Pe\u00f1alosa","robots":{"index":"noindex","follow":"follow","max-snippet":"max-snippet:-1","max-image-preview":"max-image-preview:large","max-video-preview":"max-video-preview:-1"},"og_locale":"es_ES","og_type":"article","og_title":"FERNANDO MOLINA PE\u00d1ALOSA | PROFESIONAL DE LA COMUNICACI\u00d3N - Fernando Molina Pe\u00f1alosa","og_description":"Fernando Molina Pe\u00f1alosa. Profesional de la comunicaci\u00f3n institucional y corporativa.","og_url":"https:\/\/molinapenalosa.cvcomunicacion.es\/","og_site_name":"Fernando Molina Pe\u00f1alosa","article_modified_time":"2026-03-11T19:17:13+00:00","twitter_card":"summary_large_image","twitter_misc":{"Tiempo de lectura":"2 minutos"},"schema":{"@context":"https:\/\/schema.org","@graph":[{"@type":"WebPage","@id":"https:\/\/molinapenalosa.cvcomunicacion.es\/","url":"https:\/\/molinapenalosa.cvcomunicacion.es\/","name":"FERNANDO MOLINA PE\u00d1ALOSA | PROFESIONAL DE LA COMUNICACI\u00d3N - Fernando Molina Pe\u00f1alosa","isPartOf":{"@id":"https:\/\/molinapenalosa.cvcomunicacion.es\/#website"},"datePublished":"2026-02-20T19:12:57+00:00","dateModified":"2026-03-11T19:17:13+00:00","breadcrumb":{"@id":"https:\/\/molinapenalosa.cvcomunicacion.es\/#breadcrumb"},"inLanguage":"es","potentialAction":[{"@type":"ReadAction","target":["https:\/\/molinapenalosa.cvcomunicacion.es\/"]}]},{"@type":"BreadcrumbList","@id":"https:\/\/molinapenalosa.cvcomunicacion.es\/#breadcrumb","itemListElement":[{"@type":"ListItem","position":1,"name":"Portada","item":"https:\/\/molinapenalosa.cvcomunicacion.es\/"},{"@type":"ListItem","position":2,"name":"FERNANDO MOLINA PE\u00d1ALOSA | PROFESIONAL DE LA COMUNICACI\u00d3N"}]},{"@type":"WebSite","@id":"https:\/\/molinapenalosa.cvcomunicacion.es\/#website","url":"https:\/\/molinapenalosa.cvcomunicacion.es\/","name":"Fernando Molina Pe\u00f1alosa","description":"Profesional de la comunicaci\u00f3n institucional y corporativa","potentialAction":[{"@type":"SearchAction","target":{"@type":"EntryPoint","urlTemplate":"https:\/\/molinapenalosa.cvcomunicacion.es\/?s={search_term_string}"},"query-input":{"@type":"PropertyValueSpecification","valueRequired":true,"valueName":"search_term_string"}}],"inLanguage":"es"}]}},"_links":{"self":[{"href":"https:\/\/molinapenalosa.cvcomunicacion.es\/index.php\/wp-json\/wp\/v2\/pages\/33","targetHints":{"allow":["GET"]}}],"collection":[{"href":"https:\/\/molinapenalosa.cvcomunicacion.es\/index.php\/wp-json\/wp\/v2\/pages"}],"about":[{"href":"https:\/\/molinapenalosa.cvcomunicacion.es\/index.php\/wp-json\/wp\/v2\/types\/page"}],"author":[{"embeddable":true,"href":"https:\/\/molinapenalosa.cvcomunicacion.es\/index.php\/wp-json\/wp\/v2\/users\/1"}],"replies":[{"embeddable":true,"href":"https:\/\/molinapenalosa.cvcomunicacion.es\/index.php\/wp-json\/wp\/v2\/comments?post=33"}],"version-history":[{"count":59,"href":"https:\/\/molinapenalosa.cvcomunicacion.es\/index.php\/wp-json\/wp\/v2\/pages\/33\/revisions"}],"predecessor-version":[{"id":225,"href":"https:\/\/molinapenalosa.cvcomunicacion.es\/index.php\/wp-json\/wp\/v2\/pages\/33\/revisions\/225"}],"wp:attachment":[{"href":"https:\/\/molinapenalosa.cvcomunicacion.es\/index.php\/wp-json\/wp\/v2\/media?parent=33"}],"curies":[{"name":"wp","href":"https:\/\/api.w.org\/{rel}","templated":true}]}}